{"id":2954,"date":"2020-09-17T16:03:45","date_gmt":"2020-09-17T14:03:45","guid":{"rendered":"https:\/\/estructurasllerona.com\/centro-logistico-barbera-del-valles\/"},"modified":"2020-09-17T16:10:27","modified_gmt":"2020-09-17T14:10:27","slug":"centro-logistico-barbera-del-valles","status":"publish","type":"page","link":"https:\/\/estructurasllerona.com\/fr\/centro-logistico-barbera-del-valles\/","title":{"rendered":"Centro Log\u00edstico Barber\u00e0 del Vall\u00e8s"},"content":{"rendered":"\n<style type=\"text\/css\" data-created_by=\"avia_inline_auto\" id=\"style-css-av-kf6vsj4n-92aa83708183068adc8e417e0881a9a1\">\n#top .av-special-heading.av-kf6vsj4n-92aa83708183068adc8e417e0881a9a1{\npadding-bottom:10px;\n}\nbody .av-special-heading.av-kf6vsj4n-92aa83708183068adc8e417e0881a9a1 .av-special-heading-tag .heading-char{\nfont-size:25px;\n}\n.av-special-heading.av-kf6vsj4n-92aa83708183068adc8e417e0881a9a1 .av-subheading{\nfont-size:15px;\n}\n<\/style>\n<div  class='av-special-heading av-kf6vsj4n-92aa83708183068adc8e417e0881a9a1 av-special-heading-h1  avia-builder-el-0  el_before_av_masonry_gallery  avia-builder-el-no-sibling '><h1 class='av-special-heading-tag'  itemprop=\"headline\"  >Centro Log\u00edstico Barber\u00e0 del Vall\u00e8s<\/h1><div class=\"special-heading-border\"><div class=\"special-heading-inner-border\"><\/div><\/div><\/div>\n<div id='av-masonry-1' class='av-masonry av-kf6vwzxd-6f00404b28838052b1bdf266edea7e6c noHover av-flex-size av-large-gap av-hover-overlay- av-masonry-animation-active av-masonry-col-flexible av-caption-always av-caption-style- av-masonry-gallery ' data-post_id=\"2954\"><div class=\"av-masonry-container isotope av-js-disabled\"><div class='av-masonry-entry isotope-item av-masonry-item-no-image '><\/div><a href=\"https:\/\/estructurasllerona.com\/wp-content\/uploads\/2020\/09\/barbera_000.jpg\" data-srcset=\"https:\/\/estructurasllerona.com\/wp-content\/uploads\/2020\/09\/barbera_000.jpg 1024w, https:\/\/estructurasllerona.com\/wp-content\/uploads\/2020\/09\/barbera_000-300x225.jpg 300w, https:\/\/estructurasllerona.com\/wp-content\/uploads\/2020\/09\/barbera_000-768x576.jpg 768w, https:\/\/estructurasllerona.com\/wp-content\/uploads\/2020\/09\/barbera_000-705x529.jpg 705w\" data-sizes=\"(max-width: 1024px) 100vw, 1024px\"  aria-label=\"image barbera_000\"  id='av-masonry-1-item-2539' data-av-masonry-item='2539' class='av-masonry-entry isotope-item post-2539 attachment type-attachment status-inherit hentry  av-masonry-item-with-image' title=\"barbera_000\" alt=\"\"    itemprop=\"thumbnailUrl\" ><div class='av-inner-masonry-sizer'><\/div><figure class='av-inner-masonry main_color'><div class=\"av-masonry-outerimage-container\"><div class='av-masonry-image-container'   ><img decoding=\"async\" width=\"705\" height=\"529\" class=\"wp-image-2539 avia-img-lazy-loading-not-2539\"  src=\"https:\/\/estructurasllerona.com\/wp-content\/uploads\/2020\/09\/barbera_000-705x529.jpg\" title=\"barbera_000\" alt=\"\" srcset=\"https:\/\/estructurasllerona.com\/wp-content\/uploads\/2020\/09\/barbera_000-705x529.jpg 705w, https:\/\/estructurasllerona.com\/wp-content\/uploads\/2020\/09\/barbera_000-300x225.jpg 300w, https:\/\/estructurasllerona.com\/wp-content\/uploads\/2020\/09\/barbera_000-768x576.jpg 768w, https:\/\/estructurasllerona.com\/wp-content\/uploads\/2020\/09\/barbera_000.jpg 1024w\" sizes=\"(max-width: 705px) 100vw, 705px\" \/><\/div><\/div><\/figure><\/a><!--end av-masonry entry--><a href=\"https:\/\/estructurasllerona.com\/wp-content\/uploads\/2020\/09\/barbera_001-773x1030.jpg\" data-srcset=\"https:\/\/estructurasllerona.com\/wp-content\/uploads\/2020\/09\/barbera_001-773x1030.jpg 773w, https:\/\/estructurasllerona.com\/wp-content\/uploads\/2020\/09\/barbera_001-225x300.jpg 225w, https:\/\/estructurasllerona.com\/wp-content\/uploads\/2020\/09\/barbera_001-768x1024.jpg 768w, https:\/\/estructurasllerona.com\/wp-content\/uploads\/2020\/09\/barbera_001-529x705.jpg 529w, https:\/\/estructurasllerona.com\/wp-content\/uploads\/2020\/09\/barbera_001.jpg 810w\" data-sizes=\"(max-width: 773px) 100vw, 773px\"  aria-label=\"image barbera_001\"  id='av-masonry-1-item-2542' data-av-masonry-item='2542' class='av-masonry-entry isotope-item post-2542 attachment type-attachment status-inherit hentry  av-masonry-item-with-image' title=\"barbera_001\" alt=\"\"    itemprop=\"thumbnailUrl\" ><div class='av-inner-masonry-sizer'><\/div><figure class='av-inner-masonry main_color'><div class=\"av-masonry-outerimage-container\"><div class='av-masonry-image-container'   ><img decoding=\"async\" width=\"529\" height=\"705\" class=\"wp-image-2542 avia-img-lazy-loading-not-2542\"  src=\"https:\/\/estructurasllerona.com\/wp-content\/uploads\/2020\/09\/barbera_001-529x705.jpg\" title=\"barbera_001\" alt=\"\" srcset=\"https:\/\/estructurasllerona.com\/wp-content\/uploads\/2020\/09\/barbera_001-529x705.jpg 529w, https:\/\/estructurasllerona.com\/wp-content\/uploads\/2020\/09\/barbera_001-225x300.jpg 225w, https:\/\/estructurasllerona.com\/wp-content\/uploads\/2020\/09\/barbera_001-773x1030.jpg 773w, https:\/\/estructurasllerona.com\/wp-content\/uploads\/2020\/09\/barbera_001-768x1024.jpg 768w, https:\/\/estructurasllerona.com\/wp-content\/uploads\/2020\/09\/barbera_001.jpg 810w\" sizes=\"(max-width: 529px) 100vw, 529px\" \/><\/div><\/div><\/figure><\/a><!--end av-masonry entry--><a href=\"https:\/\/estructurasllerona.com\/wp-content\/uploads\/2020\/09\/barbera_002.jpg\" data-srcset=\"https:\/\/estructurasllerona.com\/wp-content\/uploads\/2020\/09\/barbera_002.jpg 1024w, https:\/\/estructurasllerona.com\/wp-content\/uploads\/2020\/09\/barbera_002-300x225.jpg 300w, https:\/\/estructurasllerona.com\/wp-content\/uploads\/2020\/09\/barbera_002-768x576.jpg 768w, https:\/\/estructurasllerona.com\/wp-content\/uploads\/2020\/09\/barbera_002-705x529.jpg 705w\" data-sizes=\"(max-width: 1024px) 100vw, 1024px\"  aria-label=\"image barbera_002\"  id='av-masonry-1-item-2545' data-av-masonry-item='2545' class='av-masonry-entry isotope-item post-2545 attachment type-attachment status-inherit hentry  av-masonry-item-with-image' title=\"barbera_002\" alt=\"\"    itemprop=\"thumbnailUrl\" ><div class='av-inner-masonry-sizer'><\/div><figure class='av-inner-masonry main_color'><div class=\"av-masonry-outerimage-container\"><div class='av-masonry-image-container'   ><img decoding=\"async\" width=\"705\" height=\"529\" class=\"wp-image-2545 avia-img-lazy-loading-not-2545\"  src=\"https:\/\/estructurasllerona.com\/wp-content\/uploads\/2020\/09\/barbera_002-705x529.jpg\" title=\"barbera_002\" alt=\"\" srcset=\"https:\/\/estructurasllerona.com\/wp-content\/uploads\/2020\/09\/barbera_002-705x529.jpg 705w, https:\/\/estructurasllerona.com\/wp-content\/uploads\/2020\/09\/barbera_002-300x225.jpg 300w, https:\/\/estructurasllerona.com\/wp-content\/uploads\/2020\/09\/barbera_002-768x576.jpg 768w, https:\/\/estructurasllerona.com\/wp-content\/uploads\/2020\/09\/barbera_002.jpg 1024w\" sizes=\"(max-width: 705px) 100vw, 705px\" \/><\/div><\/div><\/figure><\/a><!--end av-masonry entry--><a href=\"https:\/\/estructurasllerona.com\/wp-content\/uploads\/2020\/09\/barbera_003.jpg\" data-srcset=\"https:\/\/estructurasllerona.com\/wp-content\/uploads\/2020\/09\/barbera_003.jpg 1024w, https:\/\/estructurasllerona.com\/wp-content\/uploads\/2020\/09\/barbera_003-300x225.jpg 300w, https:\/\/estructurasllerona.com\/wp-content\/uploads\/2020\/09\/barbera_003-768x576.jpg 768w, https:\/\/estructurasllerona.com\/wp-content\/uploads\/2020\/09\/barbera_003-705x529.jpg 705w\" data-sizes=\"(max-width: 1024px) 100vw, 1024px\"  aria-label=\"image barbera_003\"  id='av-masonry-1-item-2548' data-av-masonry-item='2548' class='av-masonry-entry isotope-item post-2548 attachment type-attachment status-inherit hentry  av-masonry-item-with-image' title=\"barbera_003\" alt=\"\"    itemprop=\"thumbnailUrl\" ><div class='av-inner-masonry-sizer'><\/div><figure class='av-inner-masonry main_color'><div class=\"av-masonry-outerimage-container\"><div class='av-masonry-image-container'   ><img decoding=\"async\" width=\"705\" height=\"529\" class=\"wp-image-2548 avia-img-lazy-loading-not-2548\"  src=\"https:\/\/estructurasllerona.com\/wp-content\/uploads\/2020\/09\/barbera_003-705x529.jpg\" title=\"barbera_003\" alt=\"\" srcset=\"https:\/\/estructurasllerona.com\/wp-content\/uploads\/2020\/09\/barbera_003-705x529.jpg 705w, https:\/\/estructurasllerona.com\/wp-content\/uploads\/2020\/09\/barbera_003-300x225.jpg 300w, https:\/\/estructurasllerona.com\/wp-content\/uploads\/2020\/09\/barbera_003-768x576.jpg 768w, https:\/\/estructurasllerona.com\/wp-content\/uploads\/2020\/09\/barbera_003.jpg 1024w\" sizes=\"(max-width: 705px) 100vw, 705px\" \/><\/div><\/div><\/figure><\/a><!--end av-masonry entry--><a href=\"https:\/\/estructurasllerona.com\/wp-content\/uploads\/2020\/09\/barbera_004-773x1030.jpg\" data-srcset=\"https:\/\/estructurasllerona.com\/wp-content\/uploads\/2020\/09\/barbera_004-773x1030.jpg 773w, https:\/\/estructurasllerona.com\/wp-content\/uploads\/2020\/09\/barbera_004-225x300.jpg 225w, https:\/\/estructurasllerona.com\/wp-content\/uploads\/2020\/09\/barbera_004-768x1024.jpg 768w, https:\/\/estructurasllerona.com\/wp-content\/uploads\/2020\/09\/barbera_004-529x705.jpg 529w, https:\/\/estructurasllerona.com\/wp-content\/uploads\/2020\/09\/barbera_004.jpg 810w\" data-sizes=\"(max-width: 773px) 100vw, 773px\"  aria-label=\"image barbera_004\"  id='av-masonry-1-item-2554' data-av-masonry-item='2554' class='av-masonry-entry isotope-item post-2554 attachment type-attachment status-inherit hentry  av-masonry-item-with-image' title=\"barbera_004\" alt=\"\"    itemprop=\"thumbnailUrl\" ><div class='av-inner-masonry-sizer'><\/div><figure class='av-inner-masonry main_color'><div class=\"av-masonry-outerimage-container\"><div class='av-masonry-image-container'   ><img decoding=\"async\" width=\"529\" height=\"705\" class=\"wp-image-2554 avia-img-lazy-loading-not-2554\"  src=\"https:\/\/estructurasllerona.com\/wp-content\/uploads\/2020\/09\/barbera_004-529x705.jpg\" title=\"barbera_004\" alt=\"\" srcset=\"https:\/\/estructurasllerona.com\/wp-content\/uploads\/2020\/09\/barbera_004-529x705.jpg 529w, https:\/\/estructurasllerona.com\/wp-content\/uploads\/2020\/09\/barbera_004-225x300.jpg 225w, https:\/\/estructurasllerona.com\/wp-content\/uploads\/2020\/09\/barbera_004-773x1030.jpg 773w, https:\/\/estructurasllerona.com\/wp-content\/uploads\/2020\/09\/barbera_004-768x1024.jpg 768w, https:\/\/estructurasllerona.com\/wp-content\/uploads\/2020\/09\/barbera_004.jpg 810w\" sizes=\"(max-width: 529px) 100vw, 529px\" \/><\/div><\/div><\/figure><\/a><!--end av-masonry entry--><a href=\"https:\/\/estructurasllerona.com\/wp-content\/uploads\/2020\/09\/barbera_005.jpg\" data-srcset=\"https:\/\/estructurasllerona.com\/wp-content\/uploads\/2020\/09\/barbera_005.jpg 1024w, https:\/\/estructurasllerona.com\/wp-content\/uploads\/2020\/09\/barbera_005-300x225.jpg 300w, https:\/\/estructurasllerona.com\/wp-content\/uploads\/2020\/09\/barbera_005-768x576.jpg 768w, https:\/\/estructurasllerona.com\/wp-content\/uploads\/2020\/09\/barbera_005-705x529.jpg 705w\" data-sizes=\"(max-width: 1024px) 100vw, 1024px\"  aria-label=\"image barbera_005\"  id='av-masonry-1-item-2560' data-av-masonry-item='2560' class='av-masonry-entry isotope-item post-2560 attachment type-attachment status-inherit hentry  av-masonry-item-with-image' title=\"barbera_005\" alt=\"\"    itemprop=\"thumbnailUrl\" ><div class='av-inner-masonry-sizer'><\/div><figure class='av-inner-masonry main_color'><div class=\"av-masonry-outerimage-container\"><div class='av-masonry-image-container'   ><img decoding=\"async\" width=\"705\" height=\"529\" class=\"wp-image-2560 avia-img-lazy-loading-not-2560\"  src=\"https:\/\/estructurasllerona.com\/wp-content\/uploads\/2020\/09\/barbera_005-705x529.jpg\" title=\"barbera_005\" alt=\"\" srcset=\"https:\/\/estructurasllerona.com\/wp-content\/uploads\/2020\/09\/barbera_005-705x529.jpg 705w, https:\/\/estructurasllerona.com\/wp-content\/uploads\/2020\/09\/barbera_005-300x225.jpg 300w, https:\/\/estructurasllerona.com\/wp-content\/uploads\/2020\/09\/barbera_005-768x576.jpg 768w, https:\/\/estructurasllerona.com\/wp-content\/uploads\/2020\/09\/barbera_005.jpg 1024w\" sizes=\"(max-width: 705px) 100vw, 705px\" \/><\/div><\/div><\/figure><\/a><!--end av-masonry entry--><\/div><\/div>\n\n<style type=\"text\/css\" data-created_by=\"avia_inline_auto\" id=\"style-css-av-av_hr-5ea7596238ed9f191e6b5e662093052f\">\n#top .hr.hr-invisible.av-av_hr-5ea7596238ed9f191e6b5e662093052f{\nheight:30px;\n}\n<\/style>\n<div  class='hr av-av_hr-5ea7596238ed9f191e6b5e662093052f hr-invisible  avia-builder-el-2  el_after_av_masonry_gallery  el_before_av_button  avia-builder-el-first '><span class='hr-inner '><span class=\"hr-inner-style\"><\/span><\/span><\/div>\n<div  class='avia-button-wrap av-av_button-effbc81d696bf0041c61cb7c36867ce4-wrap avia-button-center  avia-builder-el-3  el_after_av_hr  avia-builder-el-last '><a href='https:\/\/estructurasllerona.com\/proyectos\/'  class='avia-button av-av_button-effbc81d696bf0041c61cb7c36867ce4 avia-icon_select-no avia-size-large avia-position-center avia-color-theme-color'  ><span class='avia_iconbox_title' >Proyectos<\/span><\/a><\/div>\n","protected":false},"excerpt":{"rendered":"","protected":false},"author":1,"featured_media":0,"parent":0,"menu_order":1000,"comment_status":"closed","ping_status":"closed","template":"","meta":[],"yoast_head":"<!-- This site is optimized with the Yoast SEO plugin v20.9 - https:\/\/yoast.com\/wordpress\/plugins\/seo\/ -->\n<title>Centro Log\u00edstico Barber\u00e0 del Vall\u00e8s - Estructuras Met\u00e1licas Llerona<\/title>\n<meta name=\"robots\" content=\"index, follow, max-snippet:-1, max-image-preview:large, max-video-preview:-1\" \/>\n<link rel=\"canonical\" href=\"https:\/\/estructurasllerona.com\/fr\/centro-logistico-barbera-del-valles\/\" \/>\n<meta name=\"twitter:label1\" content=\"Dur\u00e9e de lecture estim\u00e9e\" \/>\n\t<meta name=\"twitter:data1\" content=\"1 minute\" \/>\n<script type=\"application\/ld+json\" class=\"yoast-schema-graph\">{\"@context\":\"https:\/\/schema.org\",\"@graph\":[{\"@type\":\"WebPage\",\"@id\":\"https:\/\/estructurasllerona.com\/fr\/centro-logistico-barbera-del-valles\/\",\"url\":\"https:\/\/estructurasllerona.com\/fr\/centro-logistico-barbera-del-valles\/\",\"name\":\"Centro Log\u00edstico Barber\u00e0 del Vall\u00e8s - Estructuras Met\u00e1licas Llerona\",\"isPartOf\":{\"@id\":\"https:\/\/estructurasllerona.com\/#website\"},\"datePublished\":\"2020-09-17T14:03:45+00:00\",\"dateModified\":\"2020-09-17T14:10:27+00:00\",\"breadcrumb\":{\"@id\":\"https:\/\/estructurasllerona.com\/fr\/centro-logistico-barbera-del-valles\/#breadcrumb\"},\"inLanguage\":\"fr-FR\",\"potentialAction\":[{\"@type\":\"ReadAction\",\"target\":[\"https:\/\/estructurasllerona.com\/fr\/centro-logistico-barbera-del-valles\/\"]}]},{\"@type\":\"BreadcrumbList\",\"@id\":\"https:\/\/estructurasllerona.com\/fr\/centro-logistico-barbera-del-valles\/#breadcrumb\",\"itemListElement\":[{\"@type\":\"ListItem\",\"position\":1,\"name\":\"Portada\",\"item\":\"https:\/\/estructurasllerona.com\/fr\/accueil-2\/\"},{\"@type\":\"ListItem\",\"position\":2,\"name\":\"Centro Log\u00edstico Barber\u00e0 del Vall\u00e8s\"}]},{\"@type\":\"WebSite\",\"@id\":\"https:\/\/estructurasllerona.com\/#website\",\"url\":\"https:\/\/estructurasllerona.com\/\",\"name\":\"Estructuras Met\u00e1licas Llerona\",\"description\":\"Estructuras met\u00e1licas\",\"potentialAction\":[{\"@type\":\"SearchAction\",\"target\":{\"@type\":\"EntryPoint\",\"urlTemplate\":\"https:\/\/estructurasllerona.com\/?s={search_term_string}\"},\"query-input\":\"required name=search_term_string\"}],\"inLanguage\":\"fr-FR\"}]}<\/script>\n<!-- \/ Yoast SEO plugin. -->","yoast_head_json":{"title":"Centro Log\u00edstico Barber\u00e0 del Vall\u00e8s - Estructuras Met\u00e1licas Llerona","robots":{"index":"index","follow":"follow","max-snippet":"max-snippet:-1","max-image-preview":"max-image-preview:large","max-video-preview":"max-video-preview:-1"},"canonical":"https:\/\/estructurasllerona.com\/fr\/centro-logistico-barbera-del-valles\/","twitter_misc":{"Dur\u00e9e de lecture estim\u00e9e":"1 minute"},"schema":{"@context":"https:\/\/schema.org","@graph":[{"@type":"WebPage","@id":"https:\/\/estructurasllerona.com\/fr\/centro-logistico-barbera-del-valles\/","url":"https:\/\/estructurasllerona.com\/fr\/centro-logistico-barbera-del-valles\/","name":"Centro Log\u00edstico Barber\u00e0 del Vall\u00e8s - Estructuras Met\u00e1licas Llerona","isPartOf":{"@id":"https:\/\/estructurasllerona.com\/#website"},"datePublished":"2020-09-17T14:03:45+00:00","dateModified":"2020-09-17T14:10:27+00:00","breadcrumb":{"@id":"https:\/\/estructurasllerona.com\/fr\/centro-logistico-barbera-del-valles\/#breadcrumb"},"inLanguage":"fr-FR","potentialAction":[{"@type":"ReadAction","target":["https:\/\/estructurasllerona.com\/fr\/centro-logistico-barbera-del-valles\/"]}]},{"@type":"BreadcrumbList","@id":"https:\/\/estructurasllerona.com\/fr\/centro-logistico-barbera-del-valles\/#breadcrumb","itemListElement":[{"@type":"ListItem","position":1,"name":"Portada","item":"https:\/\/estructurasllerona.com\/fr\/accueil-2\/"},{"@type":"ListItem","position":2,"name":"Centro Log\u00edstico Barber\u00e0 del Vall\u00e8s"}]},{"@type":"WebSite","@id":"https:\/\/estructurasllerona.com\/#website","url":"https:\/\/estructurasllerona.com\/","name":"Estructuras Met\u00e1licas Llerona","description":"Estructuras met\u00e1licas","potentialAction":[{"@type":"SearchAction","target":{"@type":"EntryPoint","urlTemplate":"https:\/\/estructurasllerona.com\/?s={search_term_string}"},"query-input":"required name=search_term_string"}],"inLanguage":"fr-FR"}]}},"_links":{"self":[{"href":"https:\/\/estructurasllerona.com\/fr\/wp-json\/wp\/v2\/pages\/2954"}],"collection":[{"href":"https:\/\/estructurasllerona.com\/fr\/wp-json\/wp\/v2\/pages"}],"about":[{"href":"https:\/\/estructurasllerona.com\/fr\/wp-json\/wp\/v2\/types\/page"}],"author":[{"embeddable":true,"href":"https:\/\/estructurasllerona.com\/fr\/wp-json\/wp\/v2\/users\/1"}],"replies":[{"embeddable":true,"href":"https:\/\/estructurasllerona.com\/fr\/wp-json\/wp\/v2\/comments?post=2954"}],"version-history":[{"count":2,"href":"https:\/\/estructurasllerona.com\/fr\/wp-json\/wp\/v2\/pages\/2954\/revisions"}],"predecessor-version":[{"id":2977,"href":"https:\/\/estructurasllerona.com\/fr\/wp-json\/wp\/v2\/pages\/2954\/revisions\/2977"}],"wp:attachment":[{"href":"https:\/\/estructurasllerona.com\/fr\/wp-json\/wp\/v2\/media?parent=2954"}],"curies":[{"name":"wp","href":"https:\/\/api.w.org\/{rel}","templated":true}]}}